{"id":7639,"date":"2024-03-20T15:56:44","date_gmt":"2024-03-20T14:56:44","guid":{"rendered":"https:\/\/www.brueggen.com\/?page_id=7639"},"modified":"2026-02-21T00:30:53","modified_gmt":"2026-02-20T23:30:53","slug":"mlodszy-elektryk","status":"publish","type":"page","link":"https:\/\/www.brueggen.com\/pl\/praca-i-kariera\/ogloszenia-o-prace\/mlodszy-elektryk\/","title":{"rendered":"(M\u0142odszy) Elektryk"},"content":{"rendered":"\t\t<div data-elementor-type=\"wp-page\" data-elementor-id=\"7639\" class=\"elementor elementor-7639\" data-elementor-post-type=\"page\">\n\t\t\t\t\t\t<section class=\"elementor-section elementor-top-section elementor-element elementor-element-1278e2e elementor-section-boxed elementor-section-height-default elementor-section-height-default\" data-id=\"1278e2e\" data-element_type=\"section\" data-e-type=\"section\">\n\t\t\t\t\t\t<div class=\"elementor-container elementor-column-gap-default\">\n\t\t\t\t\t<div class=\"elementor-column elementor-col-100 elementor-top-column elementor-element elementor-element-c87ff15\" data-id=\"c87ff15\" data-element_type=\"column\" data-e-type=\"column\">\n\t\t\t<div class=\"elementor-widget-wrap elementor-element-populated\">\n\t\t\t\t\t\t<section class=\"elementor-section elementor-inner-section elementor-element elementor-element-bddd0cc elementor-section-boxed elementor-section-height-default elementor-section-height-default\" data-id=\"bddd0cc\" data-element_type=\"section\" data-e-type=\"section\">\n\t\t\t\t\t\t<div class=\"elementor-container elementor-column-gap-default\">\n\t\t\t\t\t<div class=\"elementor-column elementor-col-100 elementor-inner-column elementor-element elementor-element-fbd94cf elementor-invisible\" data-id=\"fbd94cf\" data-element_type=\"column\" data-e-type=\"column\" data-settings=\"{&quot;animation&quot;:&quot;fadeIn&quot;}\">\n\t\t\t<div class=\"elementor-widget-wrap elementor-element-populated\">\n\t\t\t\t\t\t<div class=\"elementor-element elementor-element-ca57e31 elementor-widget elementor-widget-spacer\" data-id=\"ca57e31\" data-element_type=\"widget\" data-e-type=\"widget\" data-widget_type=\"spacer.default\">\n\t\t\t\t\t\t\t<div class=\"elementor-spacer\">\n\t\t\t<div class=\"elementor-spacer-inner\"><\/div>\n\t\t<\/div>\n\t\t\t\t\t\t<\/div>\n\t\t\t\t<div class=\"elementor-element elementor-element-bf3f0f1 elementor-widget elementor-widget-heading\" data-id=\"bf3f0f1\" data-element_type=\"widget\" data-e-type=\"widget\" data-widget_type=\"heading.default\">\n\t\t\t\t\t<h1 class=\"elementor-heading-title elementor-size-default\">(M\u0142odszy) Elektryk<\/h1>\t\t\t\t<\/div>\n\t\t\t\t<div class=\"elementor-element elementor-element-b89a779 elementor-widget elementor-widget-text-editor\" data-id=\"b89a779\" data-element_type=\"widget\" data-e-type=\"widget\" data-widget_type=\"text-editor.default\">\n\t\t\t\t\t\t\t\t\t<h3>G\u0142\u00f3wne obowi\u0105zki:<\/h3><ul><li>Konserwacja i przegl\u0105d maszyn i urz\u0105dze\u0144 technicznych, elektrycznych oraz ci\u015bnieniowych zainstalowanych na terenie fabryki,<\/li><li>Wykonywanie bie\u017c\u0105cych napraw oraz usuwanie awarii maszyn,<\/li><li>Prowadzanie dokumentacji zwi\u0105zanej z dokonanymi naprawami i przegl\u0105dami,<\/li><li>Wykonywanie zleconych modernizacji elektrycznych,<\/li><li>Kontrola stanu urz\u0105dze\u0144 pod k\u0105tem elektrycznym,<\/li><li>Dbanie o czysto\u015b\u0107 i porz\u0105dek na terenie warsztatu oraz w obr\u0119bie naprawianych urz\u0105dze\u0144,<\/li><li>Aktywne uczestnictwo w proponowaniu rozwi\u0105za\u0144,<\/li><li>Przestrzeganie przepis\u00f3w BHP, HACCP.<\/li><\/ul><h3>Oczekiwania wobec kandydat\u00f3w:<\/h3><ul><li>Ch\u0119\u0107 rozwoju w kierunku Automatyki,<\/li><li>Wykszta\u0142cenie minimum \u015brednie techniczne (kierunki: elektryka, automatyka lub pokrewne),<\/li><li>Uprawnienia SEP elektryczne do 1 kV,<\/li><li>Znajomo\u015b\u0107 urz\u0105dze\u0144 elektrycznych i energetycznych,<\/li><li>Umiej\u0119tno\u015b\u0107 czytania rysunku technicznego i schemat\u00f3w elektrycznych,<\/li><li>Du\u017ca motywacja do pracy,<\/li><li>Umiej\u0119tno\u015b\u0107 wsp\u00f3\u0142pracy, otwarto\u015b\u0107,<\/li><li>Umiej\u0119tno\u015b\u0107 szybkiego i efektywnego rozwi\u0105zywania problem\u00f3w,<\/li><li>Gotowo\u015b\u0107 do pracy w systemie zmianowym, r\u00f3wnie\u017c w weekendy (3 dni: 6.00 &#8211; 18.00, 3 dni wolne; 3 noce 18.00 &#8211; 6.00, 3 dni wolne) lub pn-pt 6:00-14:00.<\/li><\/ul><h3>Mile widziane:<\/h3><ul><li>Wiedza praktyczna z zakresu system\u00f3w sterowania maszynami,<\/li><li>Do\u015bwiadczenie w diagnostyce przyczyn awarii; naprawie maszyn i urz\u0105dze\u0144 w zakresie elektrycznym,<br \/>Uprawnienia SEP energetyczne i gazowe.<\/li><\/ul><h3>Oferujemy:<\/h3><ul><li>Rozw\u00f3j w kierunku Automatyki,<\/li><li>Umow\u0119 o prac\u0119 w rozwijaj\u0105cej si\u0119, mi\u0119dzynarodowej firmie,<\/li><li>Mo\u017cliwo\u015b\u0107 rozwoju umiej\u0119tno\u015bci praktycznych,<\/li><li>Prac\u0119 i szkolenia pod okiem do\u015bwiadczonych ekspert\u00f3w pionu technicznego,<\/li><li>Podnoszenie kwalifikacji zawodowych poprzez szkolenia,<\/li><li>Pakiet benefit\u00f3w: grupowe ubezpieczenie na \u017cycie, prywatn\u0105 opiek\u0119 medyczn\u0105, bezp\u0142atne wej\u015bcia na basen, deputaty produktowe, bony \u015bwi\u0105teczne.<\/li><\/ul><p><sup>Zgodnie z art. 13 ust. 1 i ust. 2 Og\u00f3lnego Rozporz\u0105dzenia o ochronie danych osobowych z dnia 27 kwietnia 2016 r. informuj\u0119, i\u017c Administratorem Pani\/Pana danych osobowych jest: <\/sup><br \/><sup>Br\u00fcggen Polska Sp. z o.o. z siedzib\u0105 w Warszawie 00-613, ul. Cha\u0142ubi\u0144skiego 8. <\/sup><br \/><sup>W sprawie pozyskania szczeg\u00f3\u0142owych informacji o danych osobowych mo\u017cna kontaktowa\u0107 si\u0119 pod adresem mailowym: <strong>dane.osobowe@brueggen.com<\/strong><\/sup><\/p>\t\t\t\t\t\t\t\t<\/div>\n\t\t\t\t<div class=\"elementor-element elementor-element-027bb20 elementor-tablet-align-center elementor-align-left elementor-widget elementor-widget-button\" data-id=\"027bb20\" data-element_type=\"widget\" data-e-type=\"widget\" data-widget_type=\"button.default\">\n\t\t\t\t\t\t\t\t\t\t<a class=\"elementor-button elementor-button-link elementor-size-xs\" href=\"https:\/\/system.erecruiter.pl\/FormTemplates\/RecruitmentForm.aspx?WebID=058eb253faa244ea87a7702b1840af5d\" target=\"_blank\" rel=\"noopener\">\n\t\t\t\t\t\t<span class=\"elementor-button-content-wrapper\">\n\t\t\t\t\t\t\t\t\t<span class=\"elementor-button-text\">Aplikuj<\/span>\n\t\t\t\t\t<\/span>\n\t\t\t\t\t<\/a>\n\t\t\t\t\t\t\t\t<\/div>\n\t\t\t\t\t<\/div>\n\t\t<\/div>\n\t\t\t\t\t<\/div>\n\t\t<\/section>\n\t\t\t\t\t<\/div>\n\t\t<\/div>\n\t\t\t\t\t<\/div>\n\t\t<\/section>\n\t\t\t\t<\/div>\n\t\t","protected":false},"excerpt":{"rendered":"<p>(M\u0142odszy) Elektryk G\u0142\u00f3wne obowi\u0105zki: Konserwacja i przegl\u0105d maszyn i urz\u0105dze\u0144 technicznych, elektrycznych oraz ci\u015bnieniowych zainstalowanych na terenie fabryki, Wykonywanie bie\u017c\u0105cych napraw oraz usuwanie awarii maszyn, Prowadzanie dokumentacji zwi\u0105zanej z dokonanymi naprawami i przegl\u0105dami, Wykonywanie zleconych modernizacji elektrycznych, Kontrola stanu urz\u0105dze\u0144 pod k\u0105tem elektrycznym, Dbanie o czysto\u015b\u0107 i porz\u0105dek na terenie warsztatu oraz w obr\u0119bie naprawianych&#8230;<\/p>\n","protected":false},"author":2,"featured_media":0,"parent":7583,"menu_order":23,"comment_status":"closed","ping_status":"closed","template":"","meta":{"_kad_post_transparent":"","_kad_post_title":"hide","_kad_post_layout":"fullwidth","_kad_post_sidebar_id":"","_kad_post_content_style":"unboxed","_kad_post_vertical_padding":"hide","_kad_post_feature":"hide","_kad_post_feature_position":"","_kad_post_header":false,"_kad_post_footer":false,"footnotes":""},"class_list":["post-7639","page","type-page","status-publish","hentry"],"_links":{"self":[{"href":"https:\/\/www.brueggen.com\/pl\/wp-json\/wp\/v2\/pages\/7639","targetHints":{"allow":["GET"]}}],"collection":[{"href":"https:\/\/www.brueggen.com\/pl\/wp-json\/wp\/v2\/pages"}],"about":[{"href":"https:\/\/www.brueggen.com\/pl\/wp-json\/wp\/v2\/types\/page"}],"author":[{"embeddable":true,"href":"https:\/\/www.brueggen.com\/pl\/wp-json\/wp\/v2\/users\/2"}],"replies":[{"embeddable":true,"href":"https:\/\/www.brueggen.com\/pl\/wp-json\/wp\/v2\/comments?post=7639"}],"version-history":[{"count":3,"href":"https:\/\/www.brueggen.com\/pl\/wp-json\/wp\/v2\/pages\/7639\/revisions"}],"predecessor-version":[{"id":33552,"href":"https:\/\/www.brueggen.com\/pl\/wp-json\/wp\/v2\/pages\/7639\/revisions\/33552"}],"up":[{"embeddable":true,"href":"https:\/\/www.brueggen.com\/pl\/wp-json\/wp\/v2\/pages\/7583"}],"wp:attachment":[{"href":"https:\/\/www.brueggen.com\/pl\/wp-json\/wp\/v2\/media?parent=7639"}],"curies":[{"name":"wp","href":"https:\/\/api.w.org\/{rel}","templated":true}]}}